{"version":"1.0","provider_name":"\u010cist\u00edme Fas\u00e1dy","provider_url":"https:\/\/cistime-fasady.sk\/cz","author_name":"RAKETING","author_url":"https:\/\/cistime-fasady.sk\/cz\/author\/test02\/","title":"Prich\u00e1dza ide\u00e1lne obdobie na \u010distenie fas\u00e1d | \u010cist\u00edme Fas\u00e1dy","type":"rich","width":600,"height":338,"html":"<blockquote class=\"wp-embedded-content\" data-secret=\"CNyRtBdvmc\"><a href=\"https:\/\/cistime-fasady.sk\/cz\/prichadza-idealne-obdobie-na-cistenie-fasad\/\">Prich\u00e1dza ide\u00e1lne obdobie na \u010distenie fas\u00e1d<\/a><\/blockquote><iframe sandbox=\"allow-scripts\" security=\"restricted\" src=\"https:\/\/cistime-fasady.sk\/cz\/prichadza-idealne-obdobie-na-cistenie-fasad\/embed\/#?secret=CNyRtBdvmc\" width=\"600\" height=\"338\" title=\"&#8222;Prich\u00e1dza ide\u00e1lne obdobie na \u010distenie fas\u00e1d&#8220; &#8212; \u010cist\u00edme Fas\u00e1dy\" data-secret=\"CNyRtBdvmc\" frameborder=\"0\" marginwidth=\"0\" marginheight=\"0\" scrolling=\"no\" class=\"wp-embedded-content\"><\/iframe><script>\n\/*! This file is auto-generated *\/\n!function(d,l){\"use strict\";l.querySelector&&d.addEventListener&&\"undefined\"!=typeof URL&&(d.wp=d.wp||{},d.wp.receiveEmbedMessage||(d.wp.receiveEmbedMessage=function(e){var t=e.data;if((t||t.secret||t.message||t.value)&&!\/[^a-zA-Z0-9]\/.test(t.secret)){for(var s,r,n,a=l.querySelectorAll('iframe[data-secret=\"'+t.secret+'\"]'),o=l.querySelectorAll('blockquote[data-secret=\"'+t.secret+'\"]'),c=new RegExp(\"^https?:$\",\"i\"),i=0;i<o.length;i++)o[i].style.display=\"none\";for(i=0;i<a.length;i++)s=a[i],e.source===s.contentWindow&&(s.removeAttribute(\"style\"),\"height\"===t.message?(1e3<(r=parseInt(t.value,10))?r=1e3:~~r<200&&(r=200),s.height=r):\"link\"===t.message&&(r=new URL(s.getAttribute(\"src\")),n=new URL(t.value),c.test(n.protocol))&&n.host===r.host&&l.activeElement===s&&(d.top.location.href=t.value))}},d.addEventListener(\"message\",d.wp.receiveEmbedMessage,!1),l.addEventListener(\"DOMContentLoaded\",function(){for(var e,t,s=l.querySelectorAll(\"iframe.wp-embedded-content\"),r=0;r<s.length;r++)(t=(e=s[r]).getAttribute(\"data-secret\"))||(t=Math.random().toString(36).substring(2,12),e.src+=\"#?secret=\"+t,e.setAttribute(\"data-secret\",t)),e.contentWindow.postMessage({message:\"ready\",secret:t},\"*\")},!1)))}(window,document);\n\/\/# sourceURL=https:\/\/cistime-fasady.sk\/wp-includes\/js\/wp-embed.min.js\n<\/script>","thumbnail_url":"https:\/\/cistime-fasady.sk\/wp-content\/uploads\/2024\/06\/75.webp","thumbnail_width":1024,"thumbnail_height":576,"description":"A\u00a0je tu op\u00e4\u0165 jese\u0148! Ide\u00e1lny \u010das na \u010distenie fas\u00e1d. Ak pl\u00e1nujete ve\u013ek\u00e9 jesenn\u00e9 upratovanie, ur\u010dite nevynechajte ani svoju fas\u00e1du. Dni s\u00fa toti\u017e \u010doraz chladnej\u0161ie, menej slne\u010dn\u00e9 a\u00a0spolu s\u00a0\u010dastej\u0161\u00edmi preh\u00e1nkami sa vonku zvy\u0161uje aj vlhkos\u0165. To s\u00fa tie najlep\u0161ie podmienky pre vznik a\u00a0rast rias a\u00a0plesn\u00ed na va\u0161ej fas\u00e1de. Ak nechcete, aby po zime v\u00e1\u0161 dom vyzeral, \u017ee nepre\u0161lo len nieko\u013eko mesiacov, ale rovno cel\u00e9 roky, odpor\u00fa\u010dame, aby ste na\u00a0\u010distenie fas\u00e1d\u00a0mysleli u\u017e teraz."}